{"id":4411026,"date":"2026-02-04T11:47:43","date_gmt":"2026-02-04T10:47:43","guid":{"rendered":"https:\/\/revista.enmodoflamenco.com\/?post_type=project&#038;p=4411026"},"modified":"2026-02-04T12:18:07","modified_gmt":"2026-02-04T11:18:07","slug":"david-leiva","status":"publish","type":"project","link":"https:\/\/revista.enmodoflamenco.com\/en\/project\/david-leiva\/","title":{"rendered":"David Leiva"},"content":{"rendered":"\n[et_pb_section fb_built=\u00bb1&#8243; _builder_version=\u00bb4.27.4&#8243; _module_preset=\u00bbdefault\u00bb custom_margin=\u00bb1px|||||\u00bb border_color_all=\u00bb#0089af\u00bb border_width_top=\u00bb2px\u00bb border_width_left=\u00bb31px\u00bb global_colors_info=\u00bb{}\u00bb][et_pb_row column_structure=\u00bb1_2,1_2&#8243; _builder_version=\u00bb4.27.4&#8243; _module_preset=\u00bbdefault\u00bb global_colors_info=\u00bb{}\u00bb][et_pb_column type=\u00bb1_2&#8243; _builder_version=\u00bb4.27.4&#8243; _module_preset=\u00bbdefault\u00bb global_colors_info=\u00bb{}\u00bb][et_pb_text _builder_version=\u00bb4.27.4&#8243; _module_preset=\u00bbdefault\u00bb text_font=\u00bb|700||on|||||\u00bb text_text_color=\u00bb#542500&#8243; text_font_size=\u00bb42px\u00bb global_colors_info=\u00bb{}\u00bb]<p><span style=\"color: rgba(0, 101, 153, 0.71);\">DAVID<\/span> LEIVA<\/p>[\/et_pb_text][\/et_pb_column][et_pb_column type=\u00bb1_2&#8243; _builder_version=\u00bb4.27.4&#8243; _module_preset=\u00bbdefault\u00bb global_colors_info=\u00bb{}\u00bb][et_pb_image src=\u00bbhttps:\/\/revista.enmodoflamenco.com\/wp-content\/uploads\/2026\/01\/Captura-de-pantalla-2026-01-27-a-las-12.10.19.png\u00bb title_text=\u00bbDavid Leiva\u00bb show_in_lightbox=\u00bbon\u00bb use_overlay=\u00bbon\u00bb hover_overlay_color=\u00bbrgba(66,66,66,0.5)\u00bb _builder_version=\u00bb4.27.4&#8243; _module_preset=\u00bbdefault\u00bb width=\u00bb29%\u00bb module_alignment=\u00bbright\u00bb hover_enabled=\u00bb0&#8243; box_shadow_style=\u00bbpreset4&#8243; box_shadow_horizontal=\u00bb11px\u00bb box_shadow_spread=\u00bb-4px\u00bb global_colors_info=\u00bb{}\u00bb sticky_enabled=\u00bb0&#8243;][\/et_pb_image][\/et_pb_column][\/et_pb_row][\/et_pb_section][et_pb_section fb_built=\u00bb1&#8243; _builder_version=\u00bb4.27.4&#8243; _module_preset=\u00bbdefault\u00bb custom_margin=\u00bb-22px|||||\u00bb border_color_all=\u00bb#009ec1&#8243; border_width_top=\u00bb1px\u00bb border_style_top=\u00bbdotted\u00bb border_width_bottom=\u00bb1px\u00bb border_width_left=\u00bb4px\u00bb global_colors_info=\u00bb{}\u00bb][et_pb_row _builder_version=\u00bb4.27.4&#8243; _module_preset=\u00bbdefault\u00bb custom_margin=\u00bb-44px|auto||auto||\u00bb custom_padding=\u00bb5px|||||\u00bb global_colors_info=\u00bb{}\u00bb][et_pb_column type=\u00bb4_4&#8243; _builder_version=\u00bb4.27.4&#8243; _module_preset=\u00bbdefault\u00bb global_colors_info=\u00bb{}\u00bb][et_pb_text _builder_version=\u00bb4.27.4&#8243; _module_preset=\u00bbdefault\u00bb text_text_color=\u00bb#727272&#8243; text_font_size=\u00bb16px\u00bb text_orientation=\u00bbjustified\u00bb custom_padding=\u00bb31px|||||\u00bb hover_enabled=\u00bb0&#8243; global_colors_info=\u00bb{}\u00bb sticky_enabled=\u00bb0&#8243;]<p><span style=\"color: #0075bf;\">BIOGRAF\u00cdA <\/span><\/p>\n<p data-start=\"1425\" data-end=\"1897\">David Leiva naci\u00f3 en Almer\u00eda y se crio en Barcelona. Comenz\u00f3 sus estudios musicales a los 10 a\u00f1os, recibiendo clases de maestros como Manuel Granados, Manolo Sanl\u00facar, Gerardo N\u00fa\u00f1ez, Rafael Riqueni, Paco Heredia y David Russell, entre otros. Licenciado en Pedagog\u00eda Musical, Guitarra Cl\u00e1sica y Flamenca, M\u00e1ster en Investigaci\u00f3n Musical y actualmente doctorando en la UCM, combina la docencia con la interpretaci\u00f3n y la investigaci\u00f3n.<\/p>\n<p data-start=\"1899\" data-end=\"2247\">Es director del Institut Flamenco de Barcelona y profesor en Taller de M\u00fasics y en el M\u00e1ster en Flamenco de la UCM. Entre 2019 y 2024 fue director art\u00edstico del Festival Ciutat Flamenco, donde impuls\u00f3 congresos, concursos y producciones innovadoras, contribuyendo a la visibilidad de artistas emergentes y consolidando la excelencia del festival.<\/p>\n<p data-start=\"2249\" data-end=\"2589\">David ha trabajado como concertista y arreglista en proyectos como \u00abRojo sobre negro\u00bb, \u00abCombo Flamenco\u00bb, \u00abFuente Victoria\u00bb, \u00abMorente &amp; Roach in memoriam\u00bb, \u00abSuite de Luc\u00eda\u00bb y \u00abSuite de la Isla\u00bb. Ha compartido escenario con artistas como Joan Albert Amarg\u00f3s, Carles Benavent, Chano Dom\u00ednguez, Antonio Serrano, Rafael de Utrera, entre otros.<\/p>\n<p>&nbsp;<\/p>[\/et_pb_text][et_pb_text _builder_version=\u00bb4.27.4&#8243; _module_preset=\u00bbdefault\u00bb text_font_size=\u00bb16px\u00bb custom_margin=\u00bb||37px|||\u00bb custom_padding=\u00bb||6px|||\u00bb hover_enabled=\u00bb0&#8243; border_width_top=\u00bb1px\u00bb border_width_right=\u00bb3px\u00bb global_colors_info=\u00bb{}\u00bb sticky_enabled=\u00bb0&#8243;]<p><span style=\"color: #1d4ed8;\"><\/span><\/p>\n<p><span style=\"color: #1d4ed8;\">PODERES<\/span><\/p>\n<p><span style=\"color: #1d4ed8;\">\u2605<\/span><strong data-start=\"673\" data-end=\"701\">Visi\u00f3n creativa integral<\/strong> \u2013 Capacidad de concebir espect\u00e1culos completos, uniendo m\u00fasica, arreglos y narrativa.<br \/><span style=\"color: #1d4ed8;\">\u2605<\/span> V<strong data-start=\"558\" data-end=\"582\">ersatilidad musical<\/strong> \u2013 Combina flamenco, jazz y m\u00fasica contempor\u00e1nea manteniendo la esencia del estilo.<br \/><span style=\"color: #1d4ed8;\">\u2605<\/span> <strong data-start=\"429\" data-end=\"454\">Innovaci\u00f3n pedag\u00f3gica<\/strong> \u2013 Dise\u00f1a m\u00e9todos y materiales did\u00e1cticos de referencia para guitarra flamenca y acompa\u00f1amiento<\/p>[\/et_pb_text][et_pb_text _builder_version=\u00bb4.27.4&#8243; _module_preset=\u00bbdefault\u00bb text_font_size=\u00bb16px\u00bb custom_margin=\u00bb-26px|||||\u00bb custom_padding=\u00bb16px|||||\u00bb hover_enabled=\u00bb0&#8243; global_colors_info=\u00bb{}\u00bb sticky_enabled=\u00bb0&#8243;]<p><span style=\"color: #1d4ed8;\"><\/span><\/p>\n<p><span style=\"color: #1d4ed8;\">ESTILO<\/span><\/p>\n<p><span style=\"color: #1d4ed8;\">\u2605<\/span> Lenguaje que combina tradici\u00f3n flamenca con recursos arm\u00f3nicos procedentes del jazz y la m\u00fasica cl\u00e1sica.<br \/><span style=\"color: #1d4ed8;\">\u2605<\/span>Influenciado por la escuela contempor\u00e1nea de la guitarra flamenca, con especial peso del legado musical de Paco de Luc\u00eda y la metodolog\u00eda pedag\u00f3gica de Manuel Granados. <br \/><span style=\"color: #1d4ed8;\">\u2605<\/span> Su lenguaje integra tradici\u00f3n flamenca con recursos arm\u00f3nicos del jazz y la m\u00fasica cl\u00e1sica, combinando interpretaci\u00f3n, composici\u00f3n y an\u00e1lisis musical.<\/p>[\/et_pb_text][et_pb_text _builder_version=\u00bb4.27.4&#8243; _module_preset=\u00bbdefault\u00bb text_font=\u00bbSend Flowers||||||||\u00bb text_text_color=\u00bb#212121&#8243; text_font_size=\u00bb16px\u00bb custom_padding=\u00bb16px|||||\u00bb border_width_top=\u00bb1px\u00bb inline_fonts=\u00bbOpen Sans\u00bb global_colors_info=\u00bb{}\u00bb]<p><span style=\"color: #1d4ed8;\"><\/span><\/p>\n<p><span style=\"color: #1d4ed8; font-family: Open Sans;\">CITAS<\/span><\/p>\n<p><span style=\"color: #1d4ed8;\">\u2605<\/span> <em data-start=\"1675\" data-end=\"1798\">\u00ab\u00abHay que tener mucho criterio para decidir c\u00f3mo representar el toque flamenco. La improvisaci\u00f3n forma parte esencial de esta m\u00fasica.\u00bb<\/em><br \/><span style=\"color: #1d4ed8;\">\u2605<\/span>\u00a0<em data-start=\"1801\" data-end=\"1925\">\u00ab\u00abLa tradici\u00f3n siempre va a estar. Puedes cambiar la t\u00edmbrica o el formato, pero el fondo flamenco permanece.\u00bb<\/em><\/p>\n<p>&nbsp;<\/p>[\/et_pb_text][\/et_pb_column][\/et_pb_row][\/et_pb_section]\n","protected":false},"excerpt":{"rendered":"<p>DAVID LEIVABIOGRAF\u00cdA David Leiva naci\u00f3 en Almer\u00eda y se crio en Barcelona. Comenz\u00f3 sus estudios musicales a los 10 a\u00f1os, recibiendo clases de maestros como Manuel Granados, Manolo Sanl\u00facar, Gerardo N\u00fa\u00f1ez, Rafael Riqueni, Paco Heredia y David Russell, entre otros. Licenciado en Pedagog\u00eda Musical, Guitarra Cl\u00e1sica y Flamenca, M\u00e1ster en Investigaci\u00f3n Musical y actualmente doctorando en la UCM, combina la docencia con la interpretaci\u00f3n y la investigaci\u00f3n. Es director del Institut Flamenco de Barcelona y profesor en Taller de M\u00fasics y en el M\u00e1ster en Flamenco de la UCM. Entre 2019 y 2024 fue director art\u00edstico del Festival Ciutat Flamenco, donde impuls\u00f3 congresos, concursos y producciones innovadoras, contribuyendo a la visibilidad de artistas emergentes y consolidando la excelencia del festival. David ha trabajado como concertista y arreglista en proyectos como \u00abRojo sobre negro\u00bb, \u00abCombo Flamenco\u00bb, \u00abFuente Victoria\u00bb, \u00abMorente &amp; Roach in memoriam\u00bb, \u00abSuite de Luc\u00eda\u00bb y \u00abSuite de la Isla\u00bb. Ha compartido escenario con artistas como Joan Albert Amarg\u00f3s, Carles Benavent, Chano Dom\u00ednguez, Antonio Serrano, Rafael de Utrera, entre otros. &nbsp; PODERES \u2605Visi\u00f3n creativa integral \u2013 Capacidad de concebir espect\u00e1culos completos, uniendo m\u00fasica, arreglos y narrativa.\u2605 Versatilidad musical \u2013 Combina flamenco, jazz y m\u00fasica contempor\u00e1nea manteniendo la esencia del estilo.\u2605 [&hellip;]<\/p>\n","protected":false},"author":1,"featured_media":4410904,"comment_status":"closed","ping_status":"closed","template":"","meta":{"_acf_changed":false,"_et_pb_use_builder":"on","_et_pb_old_content":"","_et_gb_content_width":"1280","footnotes":""},"project_category":[433,435],"class_list":["post-4411026","project","type-project","status-publish","has-post-thumbnail","hentry","project_category-flamenco","project_category-guitarra"],"acf":[],"yoast_head":"<!-- This site is optimized with the Yoast SEO plugin v27.4 - https:\/\/yoast.com\/product\/yoast-seo-wordpress\/ -->\n<title>David Leiva - En modo flamenco<\/title>\n<meta name=\"robots\" content=\"index, follow, max-snippet:-1, max-image-preview:large, max-video-preview:-1\" \/>\n<link rel=\"canonical\" href=\"https:\/\/revista.enmodoflamenco.com\/en\/project\/david-leiva\/\" \/>\n<meta property=\"og:locale\" content=\"en_US\" \/>\n<meta property=\"og:type\" content=\"article\" \/>\n<meta property=\"og:title\" content=\"David Leiva - En modo flamenco\" \/>\n<meta property=\"og:description\" content=\"Your content goes here\" \/>\n<meta property=\"og:url\" content=\"https:\/\/revista.enmodoflamenco.com\/en\/project\/david-leiva\/\" \/>\n<meta property=\"og:site_name\" content=\"En modo flamenco\" \/>\n<meta property=\"article:publisher\" content=\"https:\/\/www.facebook.com\/revista.enmodoflamenco\/\" \/>\n<meta property=\"article:modified_time\" content=\"2026-02-04T11:18:07+00:00\" \/>\n<meta property=\"og:image\" content=\"https:\/\/revista.enmodoflamenco.com\/wp-content\/uploads\/2026\/01\/Captura-de-pantalla-2026-01-27-a-las-12.10.19.png\" \/>\n\t<meta property=\"og:image:width\" content=\"1600\" \/>\n\t<meta property=\"og:image:height\" content=\"900\" \/>\n\t<meta property=\"og:image:type\" content=\"image\/png\" \/>\n<meta name=\"twitter:card\" content=\"summary_large_image\" \/>\n<meta name=\"twitter:label1\" content=\"Est. reading time\" \/>\n\t<meta name=\"twitter:data1\" content=\"2 minutes\" \/>\n<script type=\"application\/ld+json\" class=\"yoast-schema-graph\">{\"@context\":\"https:\\\/\\\/schema.org\",\"@graph\":[{\"@type\":\"WebPage\",\"@id\":\"https:\\\/\\\/revista.enmodoflamenco.com\\\/project\\\/david-leiva\\\/\",\"url\":\"https:\\\/\\\/revista.enmodoflamenco.com\\\/project\\\/david-leiva\\\/\",\"name\":\"David Leiva - En modo flamenco\",\"isPartOf\":{\"@id\":\"https:\\\/\\\/revista.enmodoflamenco.com\\\/#website\"},\"primaryImageOfPage\":{\"@id\":\"https:\\\/\\\/revista.enmodoflamenco.com\\\/project\\\/david-leiva\\\/#primaryimage\"},\"image\":{\"@id\":\"https:\\\/\\\/revista.enmodoflamenco.com\\\/project\\\/david-leiva\\\/#primaryimage\"},\"thumbnailUrl\":\"https:\\\/\\\/revista.enmodoflamenco.com\\\/wp-content\\\/uploads\\\/2026\\\/01\\\/Captura-de-pantalla-2026-01-27-a-las-12.10.19.png\",\"datePublished\":\"2026-02-04T10:47:43+00:00\",\"dateModified\":\"2026-02-04T11:18:07+00:00\",\"breadcrumb\":{\"@id\":\"https:\\\/\\\/revista.enmodoflamenco.com\\\/project\\\/david-leiva\\\/#breadcrumb\"},\"inLanguage\":\"en-US\",\"potentialAction\":[{\"@type\":\"ReadAction\",\"target\":[\"https:\\\/\\\/revista.enmodoflamenco.com\\\/project\\\/david-leiva\\\/\"]}]},{\"@type\":\"ImageObject\",\"inLanguage\":\"en-US\",\"@id\":\"https:\\\/\\\/revista.enmodoflamenco.com\\\/project\\\/david-leiva\\\/#primaryimage\",\"url\":\"https:\\\/\\\/revista.enmodoflamenco.com\\\/wp-content\\\/uploads\\\/2026\\\/01\\\/Captura-de-pantalla-2026-01-27-a-las-12.10.19.png\",\"contentUrl\":\"https:\\\/\\\/revista.enmodoflamenco.com\\\/wp-content\\\/uploads\\\/2026\\\/01\\\/Captura-de-pantalla-2026-01-27-a-las-12.10.19.png\",\"width\":1600,\"height\":900,\"caption\":\"Guitarra Flamenca\"},{\"@type\":\"BreadcrumbList\",\"@id\":\"https:\\\/\\\/revista.enmodoflamenco.com\\\/project\\\/david-leiva\\\/#breadcrumb\",\"itemListElement\":[{\"@type\":\"ListItem\",\"position\":1,\"name\":\"Zona privada\",\"item\":\"https:\\\/\\\/revista.enmodoflamenco.com\\\/\"},{\"@type\":\"ListItem\",\"position\":2,\"name\":\"Proyectos\",\"item\":\"https:\\\/\\\/revista.enmodoflamenco.com\\\/project\\\/\"},{\"@type\":\"ListItem\",\"position\":3,\"name\":\"David Leiva\"}]},{\"@type\":\"WebSite\",\"@id\":\"https:\\\/\\\/revista.enmodoflamenco.com\\\/#website\",\"url\":\"https:\\\/\\\/revista.enmodoflamenco.com\\\/\",\"name\":\"revista.enmodoflamenco.com\",\"description\":\"Revista digital de actualidad y alta divulgaci\u00f3n de flamenco\",\"publisher\":{\"@id\":\"https:\\\/\\\/revista.enmodoflamenco.com\\\/#organization\"},\"alternateName\":\"revistaenmodoflamenco.com\",\"potentialAction\":[{\"@type\":\"SearchAction\",\"target\":{\"@type\":\"EntryPoint\",\"urlTemplate\":\"https:\\\/\\\/revista.enmodoflamenco.com\\\/?s={search_term_string}\"},\"query-input\":{\"@type\":\"PropertyValueSpecification\",\"valueRequired\":true,\"valueName\":\"search_term_string\"}}],\"inLanguage\":\"en-US\"},{\"@type\":\"Organization\",\"@id\":\"https:\\\/\\\/revista.enmodoflamenco.com\\\/#organization\",\"name\":\"revista.enmodoflamenco.com\",\"alternateName\":\"revistaenmodoflameco.com\",\"url\":\"https:\\\/\\\/revista.enmodoflamenco.com\\\/\",\"logo\":{\"@type\":\"ImageObject\",\"inLanguage\":\"en-US\",\"@id\":\"https:\\\/\\\/revista.enmodoflamenco.com\\\/#\\\/schema\\\/logo\\\/image\\\/\",\"url\":\"https:\\\/\\\/revista.enmodoflamenco.com\\\/wp-content\\\/uploads\\\/2024\\\/11\\\/En-modo-flamenco-02-scaled.jpg\",\"contentUrl\":\"https:\\\/\\\/revista.enmodoflamenco.com\\\/wp-content\\\/uploads\\\/2024\\\/11\\\/En-modo-flamenco-02-scaled.jpg\",\"width\":2560,\"height\":2560,\"caption\":\"revista.enmodoflamenco.com\"},\"image\":{\"@id\":\"https:\\\/\\\/revista.enmodoflamenco.com\\\/#\\\/schema\\\/logo\\\/image\\\/\"},\"sameAs\":[\"https:\\\/\\\/www.facebook.com\\\/revista.enmodoflamenco\\\/\",\"https:\\\/\\\/www.youtube.com\\\/@enmodoflamenco\"]}]}<\/script>\n<!-- \/ Yoast SEO plugin. -->","yoast_head_json":{"title":"David Leiva - En modo flamenco","robots":{"index":"index","follow":"follow","max-snippet":"max-snippet:-1","max-image-preview":"max-image-preview:large","max-video-preview":"max-video-preview:-1"},"canonical":"https:\/\/revista.enmodoflamenco.com\/en\/project\/david-leiva\/","og_locale":"en_US","og_type":"article","og_title":"David Leiva - En modo flamenco","og_description":"Your content goes here","og_url":"https:\/\/revista.enmodoflamenco.com\/en\/project\/david-leiva\/","og_site_name":"En modo flamenco","article_publisher":"https:\/\/www.facebook.com\/revista.enmodoflamenco\/","article_modified_time":"2026-02-04T11:18:07+00:00","og_image":[{"width":1600,"height":900,"url":"https:\/\/revista.enmodoflamenco.com\/wp-content\/uploads\/2026\/01\/Captura-de-pantalla-2026-01-27-a-las-12.10.19.png","type":"image\/png"}],"twitter_card":"summary_large_image","twitter_misc":{"Est. reading time":"2 minutes"},"schema":{"@context":"https:\/\/schema.org","@graph":[{"@type":"WebPage","@id":"https:\/\/revista.enmodoflamenco.com\/project\/david-leiva\/","url":"https:\/\/revista.enmodoflamenco.com\/project\/david-leiva\/","name":"David Leiva - En modo flamenco","isPartOf":{"@id":"https:\/\/revista.enmodoflamenco.com\/#website"},"primaryImageOfPage":{"@id":"https:\/\/revista.enmodoflamenco.com\/project\/david-leiva\/#primaryimage"},"image":{"@id":"https:\/\/revista.enmodoflamenco.com\/project\/david-leiva\/#primaryimage"},"thumbnailUrl":"https:\/\/revista.enmodoflamenco.com\/wp-content\/uploads\/2026\/01\/Captura-de-pantalla-2026-01-27-a-las-12.10.19.png","datePublished":"2026-02-04T10:47:43+00:00","dateModified":"2026-02-04T11:18:07+00:00","breadcrumb":{"@id":"https:\/\/revista.enmodoflamenco.com\/project\/david-leiva\/#breadcrumb"},"inLanguage":"en-US","potentialAction":[{"@type":"ReadAction","target":["https:\/\/revista.enmodoflamenco.com\/project\/david-leiva\/"]}]},{"@type":"ImageObject","inLanguage":"en-US","@id":"https:\/\/revista.enmodoflamenco.com\/project\/david-leiva\/#primaryimage","url":"https:\/\/revista.enmodoflamenco.com\/wp-content\/uploads\/2026\/01\/Captura-de-pantalla-2026-01-27-a-las-12.10.19.png","contentUrl":"https:\/\/revista.enmodoflamenco.com\/wp-content\/uploads\/2026\/01\/Captura-de-pantalla-2026-01-27-a-las-12.10.19.png","width":1600,"height":900,"caption":"Guitarra Flamenca"},{"@type":"BreadcrumbList","@id":"https:\/\/revista.enmodoflamenco.com\/project\/david-leiva\/#breadcrumb","itemListElement":[{"@type":"ListItem","position":1,"name":"Zona privada","item":"https:\/\/revista.enmodoflamenco.com\/"},{"@type":"ListItem","position":2,"name":"Proyectos","item":"https:\/\/revista.enmodoflamenco.com\/project\/"},{"@type":"ListItem","position":3,"name":"David Leiva"}]},{"@type":"WebSite","@id":"https:\/\/revista.enmodoflamenco.com\/#website","url":"https:\/\/revista.enmodoflamenco.com\/","name":"revista.enmodoflamenco.com","description":"Revista digital de actualidad y alta divulgaci\u00f3n de flamenco","publisher":{"@id":"https:\/\/revista.enmodoflamenco.com\/#organization"},"alternateName":"revistaenmodoflamenco.com","potentialAction":[{"@type":"SearchAction","target":{"@type":"EntryPoint","urlTemplate":"https:\/\/revista.enmodoflamenco.com\/?s={search_term_string}"},"query-input":{"@type":"PropertyValueSpecification","valueRequired":true,"valueName":"search_term_string"}}],"inLanguage":"en-US"},{"@type":"Organization","@id":"https:\/\/revista.enmodoflamenco.com\/#organization","name":"revista.enmodoflamenco.com","alternateName":"revistaenmodoflameco.com","url":"https:\/\/revista.enmodoflamenco.com\/","logo":{"@type":"ImageObject","inLanguage":"en-US","@id":"https:\/\/revista.enmodoflamenco.com\/#\/schema\/logo\/image\/","url":"https:\/\/revista.enmodoflamenco.com\/wp-content\/uploads\/2024\/11\/En-modo-flamenco-02-scaled.jpg","contentUrl":"https:\/\/revista.enmodoflamenco.com\/wp-content\/uploads\/2024\/11\/En-modo-flamenco-02-scaled.jpg","width":2560,"height":2560,"caption":"revista.enmodoflamenco.com"},"image":{"@id":"https:\/\/revista.enmodoflamenco.com\/#\/schema\/logo\/image\/"},"sameAs":["https:\/\/www.facebook.com\/revista.enmodoflamenco\/","https:\/\/www.youtube.com\/@enmodoflamenco"]}]}},"_links":{"self":[{"href":"https:\/\/revista.enmodoflamenco.com\/en\/wp-json\/wp\/v2\/project\/4411026","targetHints":{"allow":["GET"]}}],"collection":[{"href":"https:\/\/revista.enmodoflamenco.com\/en\/wp-json\/wp\/v2\/project"}],"about":[{"href":"https:\/\/revista.enmodoflamenco.com\/en\/wp-json\/wp\/v2\/types\/project"}],"author":[{"embeddable":true,"href":"https:\/\/revista.enmodoflamenco.com\/en\/wp-json\/wp\/v2\/users\/1"}],"replies":[{"embeddable":true,"href":"https:\/\/revista.enmodoflamenco.com\/en\/wp-json\/wp\/v2\/comments?post=4411026"}],"version-history":[{"count":5,"href":"https:\/\/revista.enmodoflamenco.com\/en\/wp-json\/wp\/v2\/project\/4411026\/revisions"}],"predecessor-version":[{"id":4411039,"href":"https:\/\/revista.enmodoflamenco.com\/en\/wp-json\/wp\/v2\/project\/4411026\/revisions\/4411039"}],"wp:featuredmedia":[{"embeddable":true,"href":"https:\/\/revista.enmodoflamenco.com\/en\/wp-json\/wp\/v2\/media\/4410904"}],"wp:attachment":[{"href":"https:\/\/revista.enmodoflamenco.com\/en\/wp-json\/wp\/v2\/media?parent=4411026"}],"wp:term":[{"taxonomy":"project_category","embeddable":true,"href":"https:\/\/revista.enmodoflamenco.com\/en\/wp-json\/wp\/v2\/project_category?post=4411026"}],"curies":[{"name":"wp","href":"https:\/\/api.w.org\/{rel}","templated":true}]}}