{"id":4410971,"date":"2026-02-04T10:13:04","date_gmt":"2026-02-04T09:13:04","guid":{"rendered":"https:\/\/revista.enmodoflamenco.com\/?post_type=project&#038;p=4410971"},"modified":"2026-02-04T12:02:22","modified_gmt":"2026-02-04T11:02:22","slug":"alvaro-toscano-roman","status":"publish","type":"project","link":"https:\/\/revista.enmodoflamenco.com\/en\/project\/alvaro-toscano-roman\/","title":{"rendered":"\u00c1lvaro Toscano Rom\u00e1n."},"content":{"rendered":"\n[et_pb_section fb_built=\u00bb1&#8243; theme_builder_area=\u00bbpost_content\u00bb _builder_version=\u00bb4.27.4&#8243; _module_preset=\u00bbdefault\u00bb custom_margin=\u00bb1px|||||\u00bb hover_enabled=\u00bb0&#8243; sticky_enabled=\u00bb0&#8243; border_color_all=\u00bb#0089af\u00bb border_width_left=\u00bb31px\u00bb border_width_top=\u00bb2px\u00bb][et_pb_row _builder_version=\u00bb4.27.4&#8243; _module_preset=\u00bbdefault\u00bb theme_builder_area=\u00bbpost_content\u00bb column_structure=\u00bb1_2,1_2&#8243; hover_enabled=\u00bb0&#8243; sticky_enabled=\u00bb0&#8243;][et_pb_column _builder_version=\u00bb4.27.4&#8243; _module_preset=\u00bbdefault\u00bb type=\u00bb1_2&#8243; theme_builder_area=\u00bbpost_content\u00bb][et_pb_text _builder_version=\u00bb4.27.4&#8243; _module_preset=\u00bbdefault\u00bb theme_builder_area=\u00bbpost_content\u00bb text_font=\u00bb|700||on|||||\u00bb text_text_color=\u00bb#542500&#8243; text_font_size=\u00bb42px\u00bb hover_enabled=\u00bb0&#8243; sticky_enabled=\u00bb0&#8243;]<p><span style=\"color: rgba(0, 101, 153, 0.71);\">\u00c1lvaro<\/span> Toscano<\/p>[\/et_pb_text][\/et_pb_column][et_pb_column _builder_version=\u00bb4.27.4&#8243; _module_preset=\u00bbdefault\u00bb type=\u00bb1_2&#8243; theme_builder_area=\u00bbpost_content\u00bb][et_pb_image src=\u00bbhttps:\/\/revista.enmodoflamenco.com\/wp-content\/uploads\/2025\/12\/DSC1579-scaled.jpg\u00bb _builder_version=\u00bb4.27.4&#8243; _module_preset=\u00bbdefault\u00bb theme_builder_area=\u00bbpost_content\u00bb title_text=\u00bb\u00c1lvaro Toscano Rom\u00e1n\u00bb hover_enabled=\u00bb0&#8243; sticky_enabled=\u00bb0&#8243; module_alignment=\u00bbright\u00bb width=\u00bb29%\u00bb box_shadow_style=\u00bbpreset4&#8243; box_shadow_horizontal=\u00bb11px\u00bb box_shadow_spread=\u00bb-4px\u00bb show_in_lightbox=\u00bbon\u00bb use_overlay=\u00bbon\u00bb hover_overlay_color=\u00bbrgba(66,66,66,0.5)\u00bb][\/et_pb_image][\/et_pb_column][\/et_pb_row][\/et_pb_section][et_pb_section fb_built=\u00bb1&#8243; _builder_version=\u00bb4.27.4&#8243; _module_preset=\u00bbdefault\u00bb custom_margin=\u00bb-22px|||||\u00bb hover_enabled=\u00bb0&#8243; border_color_all=\u00bb#009ec1&#8243; border_width_top=\u00bb1px\u00bb border_style_top=\u00bbdotted\u00bb border_width_left=\u00bb4px\u00bb global_colors_info=\u00bb{}\u00bb border_width_bottom=\u00bb1px\u00bb sticky_enabled=\u00bb0&#8243;][et_pb_row _builder_version=\u00bb4.27.4&#8243; _module_preset=\u00bbdefault\u00bb custom_margin=\u00bb-44px|auto||auto||\u00bb custom_padding=\u00bb5px|||||\u00bb global_colors_info=\u00bb{}\u00bb][et_pb_column type=\u00bb4_4&#8243; _builder_version=\u00bb4.27.4&#8243; _module_preset=\u00bbdefault\u00bb global_colors_info=\u00bb{}\u00bb][et_pb_text _builder_version=\u00bb4.27.4&#8243; _module_preset=\u00bbdefault\u00bb text_text_color=\u00bb#727272&#8243; text_font_size=\u00bb16px\u00bb text_orientation=\u00bbjustified\u00bb custom_padding=\u00bb31px|||||\u00bb global_colors_info=\u00bb{}\u00bb]<p><span style=\"color: #0075bf;\">BIOGRAF\u00cdA <span style=\"color: rgba(2, 0, 0, 0.68);\">BREVE<\/span><\/span><\/p>\n<p data-start=\"277\" data-end=\"616\">\u00c1lvaro Toscano Rom\u00e1n es un guitarrista que combina t\u00e9cnica s\u00f3lida y sensibilidad interpretativa. Ganador del Primer Premio y del Premio del P\u00fablico del Certamen Internacional de Guitarra Francisco T\u00e1rrega, ha actuado como solista con orquestas de primer nivel y en escenarios de referencia dentro y fuera de Espa\u00f1a.<\/p>\n<p data-start=\"618\" data-end=\"960\">Autodidacta en sus inicios y formado posteriormente en el \u00e1mbito acad\u00e9mico, su relaci\u00f3n con la guitarra nace de la intuici\u00f3n y el o\u00eddo, lo que le permite una conexi\u00f3n natural con la tradici\u00f3n espa\u00f1ola y el flamenco. Su sonido es profundo, narrativo y cargado de intenci\u00f3n, proyectando un discurso musical que trasciende estilos y etiquetas.<\/p>[\/et_pb_text][et_pb_text _builder_version=\u00bb4.27.4&#8243; _module_preset=\u00bbdefault\u00bb text_font_size=\u00bb16px\u00bb custom_margin=\u00bb||37px|||\u00bb custom_padding=\u00bb||6px|||\u00bb border_width_top=\u00bb1px\u00bb border_width_right=\u00bb3px\u00bb global_colors_info=\u00bb{}\u00bb]<p><span style=\"color: #1d4ed8;\"><\/span><\/p>\n<p><span style=\"color: #1d4ed8;\">PODERES<\/span><\/p>\n<p><span style=\"color: #1d4ed8;\">\u2605<\/span> Profundidad sonora<br \/><span style=\"color: #1d4ed8;\">\u2605<\/span> Intuici\u00f3n musical<br \/><span style=\"color: #1d4ed8;\">\u2605<\/span> Virtuosismo t\u00e9cnico<\/p>[\/et_pb_text][et_pb_text _builder_version=\u00bb4.27.4&#8243; _module_preset=\u00bbdefault\u00bb text_font_size=\u00bb16px\u00bb custom_margin=\u00bb-26px|||||\u00bb custom_padding=\u00bb16px|||||\u00bb global_colors_info=\u00bb{}\u00bb]<p><span style=\"color: #1d4ed8;\"><\/span><\/p>\n<p><span style=\"color: #1d4ed8;\">ESTILO<\/span><\/p>\n<p><span style=\"color: #1d4ed8;\">\u2605<\/span> Su interpretaci\u00f3n une la precisi\u00f3n de la guitarra cl\u00e1sica con la vitalidad y el pulso del flamenco.<br \/><span style=\"color: #1d4ed8;\">\u2605<\/span> Influenciado por Segovia, Yepes, Vicente Amigo, Sabicas<br \/><span style=\"color: #1d4ed8;\">\u2605<\/span> Busca un sonido aut\u00e9ntico, proyectado y lleno de matices donde cada gesto y cada nota comunican emoci\u00f3n y verdad<\/p>[\/et_pb_text][et_pb_text _builder_version=\u00bb4.27.4&#8243; _module_preset=\u00bbdefault\u00bb text_font=\u00bbSend Flowers||||||||\u00bb text_text_color=\u00bb#212121&#8243; text_font_size=\u00bb16px\u00bb custom_padding=\u00bb16px|||||\u00bb hover_enabled=\u00bb0&#8243; border_width_top=\u00bb1px\u00bb inline_fonts=\u00bbOpen Sans\u00bb global_colors_info=\u00bb{}\u00bb sticky_enabled=\u00bb0&#8243;]<p><span style=\"color: #1d4ed8;\"><\/span><\/p>\n<p><span style=\"color: #1d4ed8; font-family: Open Sans;\">CITAS<\/span><\/p>\n<p><span style=\"color: #1d4ed8;\">\u2605<\/span> <em data-start=\"1675\" data-end=\"1798\">\u00abEl sonido es la consecuencia natural de un prop\u00f3sito, de una emoci\u00f3n y de un conocimiento profundo de la forma musical.\u00bb<\/em><br \/><span style=\"color: #1d4ed8;\">\u2605<\/span>\u00a0<em data-start=\"1801\" data-end=\"1925\">\u00abAprender de o\u00eddo refuerza la conexi\u00f3n con la m\u00fasica y la memoria sonora, mucho m\u00e1s all\u00e1 de la rigidez de las partituras.\u00bb<\/em><\/p>\n<p>&nbsp;<\/p>[\/et_pb_text][\/et_pb_column][\/et_pb_row][\/et_pb_section]\n","protected":false},"excerpt":{"rendered":"<p>\u00c1lvaro ToscanoBIOGRAF\u00cdA BREVE \u00c1lvaro Toscano Rom\u00e1n es un guitarrista que combina t\u00e9cnica s\u00f3lida y sensibilidad interpretativa. Ganador del Primer Premio y del Premio del P\u00fablico del Certamen Internacional de Guitarra Francisco T\u00e1rrega, ha actuado como solista con orquestas de primer nivel y en escenarios de referencia dentro y fuera de Espa\u00f1a. Autodidacta en sus inicios y formado posteriormente en el \u00e1mbito acad\u00e9mico, su relaci\u00f3n con la guitarra nace de la intuici\u00f3n y el o\u00eddo, lo que le permite una conexi\u00f3n natural con la tradici\u00f3n espa\u00f1ola y el flamenco. Su sonido es profundo, narrativo y cargado de intenci\u00f3n, proyectando un discurso musical que trasciende estilos y etiquetas. PODERES \u2605 Profundidad sonora\u2605 Intuici\u00f3n musical\u2605 Virtuosismo t\u00e9cnico ESTILO \u2605 Su interpretaci\u00f3n une la precisi\u00f3n de la guitarra cl\u00e1sica con la vitalidad y el pulso del flamenco.\u2605 Influenciado por Segovia, Yepes, Vicente Amigo, Sabicas\u2605 Busca un sonido aut\u00e9ntico, proyectado y lleno de matices donde cada gesto y cada nota comunican emoci\u00f3n y verdad CITAS \u2605 \u00abEl sonido es la consecuencia natural de un prop\u00f3sito, de una emoci\u00f3n y de un conocimiento profundo de la forma musical.\u00bb\u2605\u00a0\u00abAprender de o\u00eddo refuerza la conexi\u00f3n con la m\u00fasica y la memoria sonora, mucho m\u00e1s all\u00e1 de la rigidez [&hellip;]<\/p>\n","protected":false},"author":1,"featured_media":4410147,"comment_status":"closed","ping_status":"closed","template":"","meta":{"_acf_changed":false,"_et_pb_use_builder":"on","_et_pb_old_content":"","_et_gb_content_width":"1280","footnotes":""},"project_category":[434,436],"class_list":["post-4410971","project","type-project","status-publish","has-post-thumbnail","hentry","project_category-folclore","project_category-guitarra-folclore"],"acf":[],"yoast_head":"<!-- This site is optimized with the Yoast SEO plugin v27.4 - https:\/\/yoast.com\/product\/yoast-seo-wordpress\/ -->\n<title>\u00c1lvaro Toscano Rom\u00e1n. - En modo flamenco<\/title>\n<meta name=\"robots\" content=\"index, follow, max-snippet:-1, max-image-preview:large, max-video-preview:-1\" \/>\n<link rel=\"canonical\" href=\"https:\/\/revista.enmodoflamenco.com\/en\/project\/alvaro-toscano-roman\/\" \/>\n<meta property=\"og:locale\" content=\"en_US\" \/>\n<meta property=\"og:type\" content=\"article\" \/>\n<meta property=\"og:title\" content=\"\u00c1lvaro Toscano Rom\u00e1n. - En modo flamenco\" \/>\n<meta property=\"og:description\" content=\"Your content goes here\" \/>\n<meta property=\"og:url\" content=\"https:\/\/revista.enmodoflamenco.com\/en\/project\/alvaro-toscano-roman\/\" \/>\n<meta property=\"og:site_name\" content=\"En modo flamenco\" \/>\n<meta property=\"article:publisher\" content=\"https:\/\/www.facebook.com\/revista.enmodoflamenco\/\" \/>\n<meta property=\"article:modified_time\" content=\"2026-02-04T11:02:22+00:00\" \/>\n<meta property=\"og:image\" content=\"https:\/\/revista.enmodoflamenco.com\/wp-content\/uploads\/2025\/12\/DSC1579-scaled.jpg\" \/>\n\t<meta property=\"og:image:width\" content=\"2560\" \/>\n\t<meta property=\"og:image:height\" content=\"1707\" \/>\n\t<meta property=\"og:image:type\" content=\"image\/jpeg\" \/>\n<meta name=\"twitter:card\" content=\"summary_large_image\" \/>\n<meta name=\"twitter:label1\" content=\"Est. reading time\" \/>\n\t<meta name=\"twitter:data1\" content=\"2 minutes\" \/>\n<script type=\"application\/ld+json\" class=\"yoast-schema-graph\">{\"@context\":\"https:\\\/\\\/schema.org\",\"@graph\":[{\"@type\":\"WebPage\",\"@id\":\"https:\\\/\\\/revista.enmodoflamenco.com\\\/project\\\/alvaro-toscano-roman\\\/\",\"url\":\"https:\\\/\\\/revista.enmodoflamenco.com\\\/project\\\/alvaro-toscano-roman\\\/\",\"name\":\"\u00c1lvaro Toscano Rom\u00e1n. - En modo flamenco\",\"isPartOf\":{\"@id\":\"https:\\\/\\\/revista.enmodoflamenco.com\\\/#website\"},\"primaryImageOfPage\":{\"@id\":\"https:\\\/\\\/revista.enmodoflamenco.com\\\/project\\\/alvaro-toscano-roman\\\/#primaryimage\"},\"image\":{\"@id\":\"https:\\\/\\\/revista.enmodoflamenco.com\\\/project\\\/alvaro-toscano-roman\\\/#primaryimage\"},\"thumbnailUrl\":\"https:\\\/\\\/revista.enmodoflamenco.com\\\/wp-content\\\/uploads\\\/2025\\\/12\\\/DSC1579-scaled.jpg\",\"datePublished\":\"2026-02-04T09:13:04+00:00\",\"dateModified\":\"2026-02-04T11:02:22+00:00\",\"breadcrumb\":{\"@id\":\"https:\\\/\\\/revista.enmodoflamenco.com\\\/project\\\/alvaro-toscano-roman\\\/#breadcrumb\"},\"inLanguage\":\"en-US\",\"potentialAction\":[{\"@type\":\"ReadAction\",\"target\":[\"https:\\\/\\\/revista.enmodoflamenco.com\\\/project\\\/alvaro-toscano-roman\\\/\"]}]},{\"@type\":\"ImageObject\",\"inLanguage\":\"en-US\",\"@id\":\"https:\\\/\\\/revista.enmodoflamenco.com\\\/project\\\/alvaro-toscano-roman\\\/#primaryimage\",\"url\":\"https:\\\/\\\/revista.enmodoflamenco.com\\\/wp-content\\\/uploads\\\/2025\\\/12\\\/DSC1579-scaled.jpg\",\"contentUrl\":\"https:\\\/\\\/revista.enmodoflamenco.com\\\/wp-content\\\/uploads\\\/2025\\\/12\\\/DSC1579-scaled.jpg\",\"width\":2560,\"height\":1707,\"caption\":\"Guitarra espa\u00f1ola\"},{\"@type\":\"BreadcrumbList\",\"@id\":\"https:\\\/\\\/revista.enmodoflamenco.com\\\/project\\\/alvaro-toscano-roman\\\/#breadcrumb\",\"itemListElement\":[{\"@type\":\"ListItem\",\"position\":1,\"name\":\"Zona privada\",\"item\":\"https:\\\/\\\/revista.enmodoflamenco.com\\\/\"},{\"@type\":\"ListItem\",\"position\":2,\"name\":\"Proyectos\",\"item\":\"https:\\\/\\\/revista.enmodoflamenco.com\\\/project\\\/\"},{\"@type\":\"ListItem\",\"position\":3,\"name\":\"\u00c1lvaro Toscano Rom\u00e1n.\"}]},{\"@type\":\"WebSite\",\"@id\":\"https:\\\/\\\/revista.enmodoflamenco.com\\\/#website\",\"url\":\"https:\\\/\\\/revista.enmodoflamenco.com\\\/\",\"name\":\"revista.enmodoflamenco.com\",\"description\":\"Revista digital de actualidad y alta divulgaci\u00f3n de flamenco\",\"publisher\":{\"@id\":\"https:\\\/\\\/revista.enmodoflamenco.com\\\/#organization\"},\"alternateName\":\"revistaenmodoflamenco.com\",\"potentialAction\":[{\"@type\":\"SearchAction\",\"target\":{\"@type\":\"EntryPoint\",\"urlTemplate\":\"https:\\\/\\\/revista.enmodoflamenco.com\\\/?s={search_term_string}\"},\"query-input\":{\"@type\":\"PropertyValueSpecification\",\"valueRequired\":true,\"valueName\":\"search_term_string\"}}],\"inLanguage\":\"en-US\"},{\"@type\":\"Organization\",\"@id\":\"https:\\\/\\\/revista.enmodoflamenco.com\\\/#organization\",\"name\":\"revista.enmodoflamenco.com\",\"alternateName\":\"revistaenmodoflameco.com\",\"url\":\"https:\\\/\\\/revista.enmodoflamenco.com\\\/\",\"logo\":{\"@type\":\"ImageObject\",\"inLanguage\":\"en-US\",\"@id\":\"https:\\\/\\\/revista.enmodoflamenco.com\\\/#\\\/schema\\\/logo\\\/image\\\/\",\"url\":\"https:\\\/\\\/revista.enmodoflamenco.com\\\/wp-content\\\/uploads\\\/2024\\\/11\\\/En-modo-flamenco-02-scaled.jpg\",\"contentUrl\":\"https:\\\/\\\/revista.enmodoflamenco.com\\\/wp-content\\\/uploads\\\/2024\\\/11\\\/En-modo-flamenco-02-scaled.jpg\",\"width\":2560,\"height\":2560,\"caption\":\"revista.enmodoflamenco.com\"},\"image\":{\"@id\":\"https:\\\/\\\/revista.enmodoflamenco.com\\\/#\\\/schema\\\/logo\\\/image\\\/\"},\"sameAs\":[\"https:\\\/\\\/www.facebook.com\\\/revista.enmodoflamenco\\\/\",\"https:\\\/\\\/www.youtube.com\\\/@enmodoflamenco\"]}]}<\/script>\n<!-- \/ Yoast SEO plugin. -->","yoast_head_json":{"title":"\u00c1lvaro Toscano Rom\u00e1n. - En modo flamenco","robots":{"index":"index","follow":"follow","max-snippet":"max-snippet:-1","max-image-preview":"max-image-preview:large","max-video-preview":"max-video-preview:-1"},"canonical":"https:\/\/revista.enmodoflamenco.com\/en\/project\/alvaro-toscano-roman\/","og_locale":"en_US","og_type":"article","og_title":"\u00c1lvaro Toscano Rom\u00e1n. - En modo flamenco","og_description":"Your content goes here","og_url":"https:\/\/revista.enmodoflamenco.com\/en\/project\/alvaro-toscano-roman\/","og_site_name":"En modo flamenco","article_publisher":"https:\/\/www.facebook.com\/revista.enmodoflamenco\/","article_modified_time":"2026-02-04T11:02:22+00:00","og_image":[{"width":2560,"height":1707,"url":"https:\/\/revista.enmodoflamenco.com\/wp-content\/uploads\/2025\/12\/DSC1579-scaled.jpg","type":"image\/jpeg"}],"twitter_card":"summary_large_image","twitter_misc":{"Est. reading time":"2 minutes"},"schema":{"@context":"https:\/\/schema.org","@graph":[{"@type":"WebPage","@id":"https:\/\/revista.enmodoflamenco.com\/project\/alvaro-toscano-roman\/","url":"https:\/\/revista.enmodoflamenco.com\/project\/alvaro-toscano-roman\/","name":"\u00c1lvaro Toscano Rom\u00e1n. - En modo flamenco","isPartOf":{"@id":"https:\/\/revista.enmodoflamenco.com\/#website"},"primaryImageOfPage":{"@id":"https:\/\/revista.enmodoflamenco.com\/project\/alvaro-toscano-roman\/#primaryimage"},"image":{"@id":"https:\/\/revista.enmodoflamenco.com\/project\/alvaro-toscano-roman\/#primaryimage"},"thumbnailUrl":"https:\/\/revista.enmodoflamenco.com\/wp-content\/uploads\/2025\/12\/DSC1579-scaled.jpg","datePublished":"2026-02-04T09:13:04+00:00","dateModified":"2026-02-04T11:02:22+00:00","breadcrumb":{"@id":"https:\/\/revista.enmodoflamenco.com\/project\/alvaro-toscano-roman\/#breadcrumb"},"inLanguage":"en-US","potentialAction":[{"@type":"ReadAction","target":["https:\/\/revista.enmodoflamenco.com\/project\/alvaro-toscano-roman\/"]}]},{"@type":"ImageObject","inLanguage":"en-US","@id":"https:\/\/revista.enmodoflamenco.com\/project\/alvaro-toscano-roman\/#primaryimage","url":"https:\/\/revista.enmodoflamenco.com\/wp-content\/uploads\/2025\/12\/DSC1579-scaled.jpg","contentUrl":"https:\/\/revista.enmodoflamenco.com\/wp-content\/uploads\/2025\/12\/DSC1579-scaled.jpg","width":2560,"height":1707,"caption":"Guitarra espa\u00f1ola"},{"@type":"BreadcrumbList","@id":"https:\/\/revista.enmodoflamenco.com\/project\/alvaro-toscano-roman\/#breadcrumb","itemListElement":[{"@type":"ListItem","position":1,"name":"Zona privada","item":"https:\/\/revista.enmodoflamenco.com\/"},{"@type":"ListItem","position":2,"name":"Proyectos","item":"https:\/\/revista.enmodoflamenco.com\/project\/"},{"@type":"ListItem","position":3,"name":"\u00c1lvaro Toscano Rom\u00e1n."}]},{"@type":"WebSite","@id":"https:\/\/revista.enmodoflamenco.com\/#website","url":"https:\/\/revista.enmodoflamenco.com\/","name":"revista.enmodoflamenco.com","description":"Revista digital de actualidad y alta divulgaci\u00f3n de flamenco","publisher":{"@id":"https:\/\/revista.enmodoflamenco.com\/#organization"},"alternateName":"revistaenmodoflamenco.com","potentialAction":[{"@type":"SearchAction","target":{"@type":"EntryPoint","urlTemplate":"https:\/\/revista.enmodoflamenco.com\/?s={search_term_string}"},"query-input":{"@type":"PropertyValueSpecification","valueRequired":true,"valueName":"search_term_string"}}],"inLanguage":"en-US"},{"@type":"Organization","@id":"https:\/\/revista.enmodoflamenco.com\/#organization","name":"revista.enmodoflamenco.com","alternateName":"revistaenmodoflameco.com","url":"https:\/\/revista.enmodoflamenco.com\/","logo":{"@type":"ImageObject","inLanguage":"en-US","@id":"https:\/\/revista.enmodoflamenco.com\/#\/schema\/logo\/image\/","url":"https:\/\/revista.enmodoflamenco.com\/wp-content\/uploads\/2024\/11\/En-modo-flamenco-02-scaled.jpg","contentUrl":"https:\/\/revista.enmodoflamenco.com\/wp-content\/uploads\/2024\/11\/En-modo-flamenco-02-scaled.jpg","width":2560,"height":2560,"caption":"revista.enmodoflamenco.com"},"image":{"@id":"https:\/\/revista.enmodoflamenco.com\/#\/schema\/logo\/image\/"},"sameAs":["https:\/\/www.facebook.com\/revista.enmodoflamenco\/","https:\/\/www.youtube.com\/@enmodoflamenco"]}]}},"_links":{"self":[{"href":"https:\/\/revista.enmodoflamenco.com\/en\/wp-json\/wp\/v2\/project\/4410971","targetHints":{"allow":["GET"]}}],"collection":[{"href":"https:\/\/revista.enmodoflamenco.com\/en\/wp-json\/wp\/v2\/project"}],"about":[{"href":"https:\/\/revista.enmodoflamenco.com\/en\/wp-json\/wp\/v2\/types\/project"}],"author":[{"embeddable":true,"href":"https:\/\/revista.enmodoflamenco.com\/en\/wp-json\/wp\/v2\/users\/1"}],"replies":[{"embeddable":true,"href":"https:\/\/revista.enmodoflamenco.com\/en\/wp-json\/wp\/v2\/comments?post=4410971"}],"version-history":[{"count":17,"href":"https:\/\/revista.enmodoflamenco.com\/en\/wp-json\/wp\/v2\/project\/4410971\/revisions"}],"predecessor-version":[{"id":4411025,"href":"https:\/\/revista.enmodoflamenco.com\/en\/wp-json\/wp\/v2\/project\/4410971\/revisions\/4411025"}],"wp:featuredmedia":[{"embeddable":true,"href":"https:\/\/revista.enmodoflamenco.com\/en\/wp-json\/wp\/v2\/media\/4410147"}],"wp:attachment":[{"href":"https:\/\/revista.enmodoflamenco.com\/en\/wp-json\/wp\/v2\/media?parent=4410971"}],"wp:term":[{"taxonomy":"project_category","embeddable":true,"href":"https:\/\/revista.enmodoflamenco.com\/en\/wp-json\/wp\/v2\/project_category?post=4410971"}],"curies":[{"name":"wp","href":"https:\/\/api.w.org\/{rel}","templated":true}]}}