{"id":4411727,"date":"2026-03-06T08:48:48","date_gmt":"2026-03-06T07:48:48","guid":{"rendered":"https:\/\/revista.enmodoflamenco.com\/?post_type=book&#038;p=4411727"},"modified":"2026-03-06T08:58:35","modified_gmt":"2026-03-06T07:58:35","slug":"musica-folclorica-y-tradicional-de-los-continentes-occidentales","status":"publish","type":"book","link":"https:\/\/revista.enmodoflamenco.com\/en\/book\/musica-folclorica-y-tradicional-de-los-continentes-occidentales\/","title":{"rendered":"Musica folclorica y tradicional de los continentes occidentales"},"content":{"rendered":"<p data-start=\"17\" data-end=\"572\"><em data-start=\"17\" data-end=\"82\">Musika folkl\u00f3rica y tradicional de los continentes occidentales<\/em>, del etnomusic\u00f3logo <span class=\"hover:entity-accent entity-underline inline cursor-pointer align-baseline\"><span class=\"whitespace-normal\">Bruno Nettl<\/span><\/span>, es una obra introductoria dedicada al estudio comparado de diversas tradiciones musicales del mundo occidental desde una perspectiva antropol\u00f3gica y musicol\u00f3gica. El libro parte del an\u00e1lisis de las llamadas m\u00fasicas tribales dentro de su propio contexto cultural, mostrando c\u00f3mo las pr\u00e1cticas musicales est\u00e1n profundamente vinculadas a la organizaci\u00f3n social, las creencias y las formas de vida de las comunidades que las producen.<\/p>\n<p data-start=\"574\" data-end=\"1165\">A partir de esta base, Nettl examina los rasgos generales de la m\u00fasica folkl\u00f3rica europea y su diversidad de manifestaciones en distintos pa\u00edses, prestando atenci\u00f3n a los elementos formales, las funciones sociales de la m\u00fasica y los procesos hist\u00f3ricos que han configurado estos repertorios. El autor ampl\u00eda posteriormente el enfoque hacia otros \u00e1mbitos culturales mediante estudios monogr\u00e1ficos dedicados a diferentes \u00e1reas geogr\u00e1ficas, entre ellas el \u00c1frica subsahariana, las culturas musicales amerindias y las tradiciones afrodescendientes desarrolladas en Norteam\u00e9rica y Am\u00e9rica Latina.<\/p>\n<p data-start=\"1167\" data-end=\"1686\">El libro aborda tambi\u00e9n la evoluci\u00f3n de la m\u00fasica folkl\u00f3rica en la Norteam\u00e9rica contempor\u00e1nea, analizando las transformaciones derivadas del contacto cultural, los procesos de modernizaci\u00f3n y la circulaci\u00f3n de repertorios entre contextos rurales y urbanos. A trav\u00e9s de este recorrido comparativo, Nettl propone una visi\u00f3n amplia de las m\u00fasicas tradicionales del mundo occidental, subrayando tanto sus particularidades culturales como los procesos de intercambio y transformaci\u00f3n que han marcado su desarrollo hist\u00f3rico.<\/p>","protected":false},"excerpt":{"rendered":"<p>Musika folkl\u00f3rica y tradicional de los continentes occidentales, del etnomusic\u00f3logo Bruno Nettl, es una obra introductoria dedicada al estudio comparado de diversas tradiciones musicales del mundo occidental desde una perspectiva [&hellip;]<\/p>\n","protected":false},"author":1,"featured_media":4411729,"parent":0,"template":"","meta":{"_acf_changed":false,"_et_pb_use_builder":"","_et_pb_old_content":"","_et_gb_content_width":""},"book-category":[450],"book-series":[464],"book-author":[585],"class_list":["post-4411727","book","type-book","status-publish","has-post-thumbnail","hentry","book-category-folclore-musical","book-series-etnologia","book-author-bruno-nettl"],"acf":[],"yoast_head":"<!-- This site is optimized with the Yoast SEO plugin v27.4 - https:\/\/yoast.com\/product\/yoast-seo-wordpress\/ -->\n<title>Musica folclorica y tradicional de los continentes occidentales - En modo flamenco<\/title>\n<meta name=\"robots\" content=\"index, follow, max-snippet:-1, max-image-preview:large, max-video-preview:-1\" \/>\n<link rel=\"canonical\" href=\"https:\/\/revista.enmodoflamenco.com\/en\/book\/musica-folclorica-y-tradicional-de-los-continentes-occidentales\/\" \/>\n<meta property=\"og:locale\" content=\"en_US\" \/>\n<meta property=\"og:type\" content=\"article\" \/>\n<meta property=\"og:title\" content=\"Musica folclorica y tradicional de los continentes occidentales - En modo flamenco\" \/>\n<meta property=\"og:description\" content=\"Musika folkl\u00f3rica y tradicional de los continentes occidentales, del etnomusic\u00f3logo Bruno Nettl, es una obra introductoria dedicada al estudio comparado de diversas tradiciones musicales del mundo occidental desde una perspectiva [&hellip;]\" \/>\n<meta property=\"og:url\" content=\"https:\/\/revista.enmodoflamenco.com\/en\/book\/musica-folclorica-y-tradicional-de-los-continentes-occidentales\/\" \/>\n<meta property=\"og:site_name\" content=\"En modo flamenco\" \/>\n<meta property=\"article:publisher\" content=\"https:\/\/www.facebook.com\/revista.enmodoflamenco\/\" \/>\n<meta property=\"article:modified_time\" content=\"2026-03-06T07:58:35+00:00\" \/>\n<meta property=\"og:image\" content=\"https:\/\/revista.enmodoflamenco.com\/wp-content\/uploads\/2026\/03\/71YJ0-TZoML._SL1500_.jpg\" \/>\n\t<meta property=\"og:image:width\" content=\"1222\" \/>\n\t<meta property=\"og:image:height\" content=\"1500\" \/>\n\t<meta property=\"og:image:type\" content=\"image\/jpeg\" \/>\n<meta name=\"twitter:card\" content=\"summary_large_image\" \/>\n<meta name=\"twitter:label1\" content=\"Est. reading time\" \/>\n\t<meta name=\"twitter:data1\" content=\"2 minutes\" \/>\n<script type=\"application\/ld+json\" class=\"yoast-schema-graph\">{\"@context\":\"https:\\\/\\\/schema.org\",\"@graph\":[{\"@type\":\"WebPage\",\"@id\":\"https:\\\/\\\/revista.enmodoflamenco.com\\\/book\\\/musica-folclorica-y-tradicional-de-los-continentes-occidentales\\\/\",\"url\":\"https:\\\/\\\/revista.enmodoflamenco.com\\\/book\\\/musica-folclorica-y-tradicional-de-los-continentes-occidentales\\\/\",\"name\":\"Musica folclorica y tradicional de los continentes occidentales - En modo flamenco\",\"isPartOf\":{\"@id\":\"https:\\\/\\\/revista.enmodoflamenco.com\\\/#website\"},\"primaryImageOfPage\":{\"@id\":\"https:\\\/\\\/revista.enmodoflamenco.com\\\/book\\\/musica-folclorica-y-tradicional-de-los-continentes-occidentales\\\/#primaryimage\"},\"image\":{\"@id\":\"https:\\\/\\\/revista.enmodoflamenco.com\\\/book\\\/musica-folclorica-y-tradicional-de-los-continentes-occidentales\\\/#primaryimage\"},\"thumbnailUrl\":\"https:\\\/\\\/revista.enmodoflamenco.com\\\/wp-content\\\/uploads\\\/2026\\\/03\\\/71YJ0-TZoML._SL1500_.jpg\",\"datePublished\":\"2026-03-06T07:48:48+00:00\",\"dateModified\":\"2026-03-06T07:58:35+00:00\",\"breadcrumb\":{\"@id\":\"https:\\\/\\\/revista.enmodoflamenco.com\\\/book\\\/musica-folclorica-y-tradicional-de-los-continentes-occidentales\\\/#breadcrumb\"},\"inLanguage\":\"en-US\",\"potentialAction\":[{\"@type\":\"ReadAction\",\"target\":[\"https:\\\/\\\/revista.enmodoflamenco.com\\\/book\\\/musica-folclorica-y-tradicional-de-los-continentes-occidentales\\\/\"]}]},{\"@type\":\"ImageObject\",\"inLanguage\":\"en-US\",\"@id\":\"https:\\\/\\\/revista.enmodoflamenco.com\\\/book\\\/musica-folclorica-y-tradicional-de-los-continentes-occidentales\\\/#primaryimage\",\"url\":\"https:\\\/\\\/revista.enmodoflamenco.com\\\/wp-content\\\/uploads\\\/2026\\\/03\\\/71YJ0-TZoML._SL1500_.jpg\",\"contentUrl\":\"https:\\\/\\\/revista.enmodoflamenco.com\\\/wp-content\\\/uploads\\\/2026\\\/03\\\/71YJ0-TZoML._SL1500_.jpg\",\"width\":1222,\"height\":1500},{\"@type\":\"BreadcrumbList\",\"@id\":\"https:\\\/\\\/revista.enmodoflamenco.com\\\/book\\\/musica-folclorica-y-tradicional-de-los-continentes-occidentales\\\/#breadcrumb\",\"itemListElement\":[{\"@type\":\"ListItem\",\"position\":1,\"name\":\"Zona privada\",\"item\":\"https:\\\/\\\/revista.enmodoflamenco.com\\\/\"},{\"@type\":\"ListItem\",\"position\":2,\"name\":\"Musica folclorica y tradicional de los continentes occidentales\"}]},{\"@type\":\"WebSite\",\"@id\":\"https:\\\/\\\/revista.enmodoflamenco.com\\\/#website\",\"url\":\"https:\\\/\\\/revista.enmodoflamenco.com\\\/\",\"name\":\"revista.enmodoflamenco.com\",\"description\":\"Revista digital de actualidad y alta divulgaci\u00f3n de flamenco\",\"publisher\":{\"@id\":\"https:\\\/\\\/revista.enmodoflamenco.com\\\/#organization\"},\"alternateName\":\"revistaenmodoflamenco.com\",\"potentialAction\":[{\"@type\":\"SearchAction\",\"target\":{\"@type\":\"EntryPoint\",\"urlTemplate\":\"https:\\\/\\\/revista.enmodoflamenco.com\\\/?s={search_term_string}\"},\"query-input\":{\"@type\":\"PropertyValueSpecification\",\"valueRequired\":true,\"valueName\":\"search_term_string\"}}],\"inLanguage\":\"en-US\"},{\"@type\":\"Organization\",\"@id\":\"https:\\\/\\\/revista.enmodoflamenco.com\\\/#organization\",\"name\":\"revista.enmodoflamenco.com\",\"alternateName\":\"revistaenmodoflameco.com\",\"url\":\"https:\\\/\\\/revista.enmodoflamenco.com\\\/\",\"logo\":{\"@type\":\"ImageObject\",\"inLanguage\":\"en-US\",\"@id\":\"https:\\\/\\\/revista.enmodoflamenco.com\\\/#\\\/schema\\\/logo\\\/image\\\/\",\"url\":\"https:\\\/\\\/revista.enmodoflamenco.com\\\/wp-content\\\/uploads\\\/2024\\\/11\\\/En-modo-flamenco-02-scaled.jpg\",\"contentUrl\":\"https:\\\/\\\/revista.enmodoflamenco.com\\\/wp-content\\\/uploads\\\/2024\\\/11\\\/En-modo-flamenco-02-scaled.jpg\",\"width\":2560,\"height\":2560,\"caption\":\"revista.enmodoflamenco.com\"},\"image\":{\"@id\":\"https:\\\/\\\/revista.enmodoflamenco.com\\\/#\\\/schema\\\/logo\\\/image\\\/\"},\"sameAs\":[\"https:\\\/\\\/www.facebook.com\\\/revista.enmodoflamenco\\\/\",\"https:\\\/\\\/www.youtube.com\\\/@enmodoflamenco\"]}]}<\/script>\n<!-- \/ Yoast SEO plugin. -->","yoast_head_json":{"title":"Musica folclorica y tradicional de los continentes occidentales - En modo flamenco","robots":{"index":"index","follow":"follow","max-snippet":"max-snippet:-1","max-image-preview":"max-image-preview:large","max-video-preview":"max-video-preview:-1"},"canonical":"https:\/\/revista.enmodoflamenco.com\/en\/book\/musica-folclorica-y-tradicional-de-los-continentes-occidentales\/","og_locale":"en_US","og_type":"article","og_title":"Musica folclorica y tradicional de los continentes occidentales - En modo flamenco","og_description":"Musika folkl\u00f3rica y tradicional de los continentes occidentales, del etnomusic\u00f3logo Bruno Nettl, es una obra introductoria dedicada al estudio comparado de diversas tradiciones musicales del mundo occidental desde una perspectiva [&hellip;]","og_url":"https:\/\/revista.enmodoflamenco.com\/en\/book\/musica-folclorica-y-tradicional-de-los-continentes-occidentales\/","og_site_name":"En modo flamenco","article_publisher":"https:\/\/www.facebook.com\/revista.enmodoflamenco\/","article_modified_time":"2026-03-06T07:58:35+00:00","og_image":[{"width":1222,"height":1500,"url":"https:\/\/revista.enmodoflamenco.com\/wp-content\/uploads\/2026\/03\/71YJ0-TZoML._SL1500_.jpg","type":"image\/jpeg"}],"twitter_card":"summary_large_image","twitter_misc":{"Est. reading time":"2 minutes"},"schema":{"@context":"https:\/\/schema.org","@graph":[{"@type":"WebPage","@id":"https:\/\/revista.enmodoflamenco.com\/book\/musica-folclorica-y-tradicional-de-los-continentes-occidentales\/","url":"https:\/\/revista.enmodoflamenco.com\/book\/musica-folclorica-y-tradicional-de-los-continentes-occidentales\/","name":"Musica folclorica y tradicional de los continentes occidentales - En modo flamenco","isPartOf":{"@id":"https:\/\/revista.enmodoflamenco.com\/#website"},"primaryImageOfPage":{"@id":"https:\/\/revista.enmodoflamenco.com\/book\/musica-folclorica-y-tradicional-de-los-continentes-occidentales\/#primaryimage"},"image":{"@id":"https:\/\/revista.enmodoflamenco.com\/book\/musica-folclorica-y-tradicional-de-los-continentes-occidentales\/#primaryimage"},"thumbnailUrl":"https:\/\/revista.enmodoflamenco.com\/wp-content\/uploads\/2026\/03\/71YJ0-TZoML._SL1500_.jpg","datePublished":"2026-03-06T07:48:48+00:00","dateModified":"2026-03-06T07:58:35+00:00","breadcrumb":{"@id":"https:\/\/revista.enmodoflamenco.com\/book\/musica-folclorica-y-tradicional-de-los-continentes-occidentales\/#breadcrumb"},"inLanguage":"en-US","potentialAction":[{"@type":"ReadAction","target":["https:\/\/revista.enmodoflamenco.com\/book\/musica-folclorica-y-tradicional-de-los-continentes-occidentales\/"]}]},{"@type":"ImageObject","inLanguage":"en-US","@id":"https:\/\/revista.enmodoflamenco.com\/book\/musica-folclorica-y-tradicional-de-los-continentes-occidentales\/#primaryimage","url":"https:\/\/revista.enmodoflamenco.com\/wp-content\/uploads\/2026\/03\/71YJ0-TZoML._SL1500_.jpg","contentUrl":"https:\/\/revista.enmodoflamenco.com\/wp-content\/uploads\/2026\/03\/71YJ0-TZoML._SL1500_.jpg","width":1222,"height":1500},{"@type":"BreadcrumbList","@id":"https:\/\/revista.enmodoflamenco.com\/book\/musica-folclorica-y-tradicional-de-los-continentes-occidentales\/#breadcrumb","itemListElement":[{"@type":"ListItem","position":1,"name":"Zona privada","item":"https:\/\/revista.enmodoflamenco.com\/"},{"@type":"ListItem","position":2,"name":"Musica folclorica y tradicional de los continentes occidentales"}]},{"@type":"WebSite","@id":"https:\/\/revista.enmodoflamenco.com\/#website","url":"https:\/\/revista.enmodoflamenco.com\/","name":"revista.enmodoflamenco.com","description":"Revista digital de actualidad y alta divulgaci\u00f3n de flamenco","publisher":{"@id":"https:\/\/revista.enmodoflamenco.com\/#organization"},"alternateName":"revistaenmodoflamenco.com","potentialAction":[{"@type":"SearchAction","target":{"@type":"EntryPoint","urlTemplate":"https:\/\/revista.enmodoflamenco.com\/?s={search_term_string}"},"query-input":{"@type":"PropertyValueSpecification","valueRequired":true,"valueName":"search_term_string"}}],"inLanguage":"en-US"},{"@type":"Organization","@id":"https:\/\/revista.enmodoflamenco.com\/#organization","name":"revista.enmodoflamenco.com","alternateName":"revistaenmodoflameco.com","url":"https:\/\/revista.enmodoflamenco.com\/","logo":{"@type":"ImageObject","inLanguage":"en-US","@id":"https:\/\/revista.enmodoflamenco.com\/#\/schema\/logo\/image\/","url":"https:\/\/revista.enmodoflamenco.com\/wp-content\/uploads\/2024\/11\/En-modo-flamenco-02-scaled.jpg","contentUrl":"https:\/\/revista.enmodoflamenco.com\/wp-content\/uploads\/2024\/11\/En-modo-flamenco-02-scaled.jpg","width":2560,"height":2560,"caption":"revista.enmodoflamenco.com"},"image":{"@id":"https:\/\/revista.enmodoflamenco.com\/#\/schema\/logo\/image\/"},"sameAs":["https:\/\/www.facebook.com\/revista.enmodoflamenco\/","https:\/\/www.youtube.com\/@enmodoflamenco"]}]}},"_links":{"self":[{"href":"https:\/\/revista.enmodoflamenco.com\/en\/wp-json\/wp\/v2\/book\/4411727","targetHints":{"allow":["GET"]}}],"collection":[{"href":"https:\/\/revista.enmodoflamenco.com\/en\/wp-json\/wp\/v2\/book"}],"about":[{"href":"https:\/\/revista.enmodoflamenco.com\/en\/wp-json\/wp\/v2\/types\/book"}],"author":[{"embeddable":true,"href":"https:\/\/revista.enmodoflamenco.com\/en\/wp-json\/wp\/v2\/users\/1"}],"version-history":[{"count":3,"href":"https:\/\/revista.enmodoflamenco.com\/en\/wp-json\/wp\/v2\/book\/4411727\/revisions"}],"predecessor-version":[{"id":4411730,"href":"https:\/\/revista.enmodoflamenco.com\/en\/wp-json\/wp\/v2\/book\/4411727\/revisions\/4411730"}],"wp:featuredmedia":[{"embeddable":true,"href":"https:\/\/revista.enmodoflamenco.com\/en\/wp-json\/wp\/v2\/media\/4411729"}],"wp:attachment":[{"href":"https:\/\/revista.enmodoflamenco.com\/en\/wp-json\/wp\/v2\/media?parent=4411727"}],"wp:term":[{"taxonomy":"book-category","embeddable":true,"href":"https:\/\/revista.enmodoflamenco.com\/en\/wp-json\/wp\/v2\/book-category?post=4411727"},{"taxonomy":"book-series","embeddable":true,"href":"https:\/\/revista.enmodoflamenco.com\/en\/wp-json\/wp\/v2\/book-series?post=4411727"},{"taxonomy":"book-author","embeddable":true,"href":"https:\/\/revista.enmodoflamenco.com\/en\/wp-json\/wp\/v2\/book-author?post=4411727"}],"curies":[{"name":"wp","href":"https:\/\/api.w.org\/{rel}","templated":true}]}}